{"id":7424,"date":"2023-01-04T22:09:26","date_gmt":"2023-01-05T01:09:26","guid":{"rendered":"https:\/\/demartino.cl\/?page_id=7424"},"modified":"2023-09-06T19:41:00","modified_gmt":"2023-09-06T22:41:00","slug":"cuve-is-de-martinos-finest-wine","status":"publish","type":"page","link":"https:\/\/demartino.cl\/en\/cuve-is-de-martinos-finest-wine\/","title":{"rendered":"Cuve is De Martinos finest wine"},"content":{"rendered":"\t\t<div data-elementor-type=\"wp-page\" data-elementor-id=\"7424\" class=\"elementor elementor-7424 elementor-6845\">\n\t\t\t\t\t\t<section class=\"porto-full-no-gap elementor-section elementor-top-section elementor-element elementor-element-747fdbb elementor-section-full_width elementor-section-stretched elementor-hidden-mobile elementor-section-height-default elementor-section-height-default\" data-id=\"747fdbb\" data-element_type=\"section\" data-e-type=\"section\" data-settings=\"{&quot;stretch_section&quot;:&quot;section-stretched&quot;}\">\r\n\t\t\r\n\t\t\t\t\t\t\t<div class=\"elementor-container elementor-column-gap-no\">\r\n\t\t\t\t\t\t\t\t\t\t\t<div class=\"elementor-column elementor-col-100 elementor-top-column elementor-element elementor-element-96de1a2\" data-id=\"96de1a2\" data-element_type=\"column\" data-e-type=\"column\">\r\n\t\t\t\t\t<div class=\"elementor-widget-wrap elementor-element-populated\">\r\n\t\t\t\t\t\t\t\t<div class=\"elementor-element elementor-element-77cbe0e elementor-widget elementor-widget-slider_revolution\" data-id=\"77cbe0e\" data-element_type=\"widget\" data-e-type=\"widget\" data-widget_type=\"slider_revolution.default\">\n\t\t\t\t<div class=\"elementor-widget-container\">\n\t\t\t\t\t\n\t\t<div class=\"wp-block-themepunch-revslider\">\n\t\t\t<!-- START SliderCuveeGranVinoDeMartinoVinedoSantaInesdesktop EN REVOLUTION SLIDER 6.7.41 --><p class=\"rs-p-wp-fix\"><\/p>\n\t\t\t<rs-module-wrap id=\"rev_slider_24_1_wrapper\" data-source=\"gallery\" style=\"visibility:hidden;background:transparent;padding:0;margin:0px auto;margin-top:0;margin-bottom:0;\">\n\t\t\t\t<rs-module id=\"rev_slider_24_1\" style=\"\" data-version=\"6.7.41\">\n\t\t\t\t\t<rs-slides style=\"overflow: hidden; position: absolute;\">\n\t\t\t\t\t\t<rs-slide style=\"position: absolute;\" data-key=\"rs-122\" data-title=\"Cuvee Slider Principal 1\" data-anim=\"adpr:false;e:slidingoverlay;ms:2000;\" data-in=\"o:1;x:-100%;\" data-out=\"a:false;\">\n\t\t\t\t\t\t\t<img fetchpriority=\"high\" decoding=\"async\" src=\"\/\/demartino.cl\/wp-content\/plugins\/revslider\/sr6\/assets\/assets\/dummy.png\" alt=\"\" title=\"De-Martino-Cuvee-Gran-Vino-Vinedo-Santa-Ines-Caja-banner-2\" width=\"1900\" height=\"910\" class=\"rev-slidebg tp-rs-img rs-lazyload\" data-lazyload=\"\/\/demartino.cl\/wp-content\/uploads\/2023\/01\/De-Martino-Cuvee-Gran-Vino-Vinedo-Santa-Ines-Caja-banner-2.jpg\" data-no-retina>\n<!---->\t\t\t\t\t<\/rs-slide>\n\t\t\t\t\t\t<rs-slide style=\"position: absolute;\" data-key=\"rs-123\" data-title=\"Cuvee Slider Principal 1\" data-anim=\"adpr:false;e:slidingoverlay;ms:2000;\" data-in=\"o:1;x:-100%;\" data-out=\"a:false;\">\n\t\t\t\t\t\t\t<img decoding=\"async\" src=\"\/\/demartino.cl\/wp-content\/plugins\/revslider\/sr6\/assets\/assets\/dummy.png\" alt=\"\" title=\"De-Martino-Cuvee-Gran-Vino-Vinedo-Santa-Ines-banner-5\" width=\"1900\" height=\"924\" class=\"rev-slidebg tp-rs-img rs-lazyload\" data-lazyload=\"\/\/demartino.cl\/wp-content\/uploads\/2023\/01\/De-Martino-Cuvee-Gran-Vino-Vinedo-Santa-Ines-banner-5.jpg\" data-no-retina>\n<!--\n\t\t\t\t\t\t\t--><rs-layer\n\t\t\t\t\t\t\t\tid=\"slider-24-slide-123-layer-6\" \n\t\t\t\t\t\t\t\tdata-type=\"text\"\n\t\t\t\t\t\t\t\tdata-color=\"#fff\"\n\t\t\t\t\t\t\t\tdata-rsp_ch=\"on\"\n\t\t\t\t\t\t\t\tdata-xy=\"x:5px;y:250px;\"\n\t\t\t\t\t\t\t\tdata-text=\"w:normal;s:60;l:60;ls:10px;fw:200;\"\n\t\t\t\t\t\t\t\tdata-dim=\"w:511px;minh:0px;\"\n\t\t\t\t\t\t\t\tdata-frame_0=\"x:-50;\"\n\t\t\t\t\t\t\t\tdata-frame_1=\"st:2160;sp:1000;sR:2160;\"\n\t\t\t\t\t\t\t\tdata-frame_999=\"x:-50;o:0;st:w;sp:1000;sR:1840;\"\n\t\t\t\t\t\t\t\tstyle=\"z-index:6;font-family:'cochin';\"\n\t\t\t\t\t\t\t>CUV\u00c9E<br \/>\n2020<br \/>\nFinest Wine \n\t\t\t\t\t\t\t<\/rs-layer><!--\n-->\t\t\t\t\t<\/rs-slide>\n\t\t\t\t\t<\/rs-slides>\n\t\t\t\t<\/rs-module>\n\t\t\t\t<script>\n\t\t\t\t\tsetREVStartSize({c: 'rev_slider_24_1',rl:[1240,1024,778,480],el:[700],gw:[1240],gh:[700],type:'standard',justify:'',layout:'fullwidth',mh:\"0\"});if (window.RS_MODULES!==undefined && window.RS_MODULES.modules!==undefined && window.RS_MODULES.modules[\"revslider241\"]!==undefined) {window.RS_MODULES.modules[\"revslider241\"].once = false;window.revapi24 = undefined;if (window.RS_MODULES.checkMinimal!==undefined) window.RS_MODULES.checkMinimal()}\n\t\t\t\t<\/script>\n\t\t\t<\/rs-module-wrap>\n\t\t\t<!-- END REVOLUTION SLIDER -->\n<\/div>\n\n\t\t\t\t\t\t<\/div>\n\t\t\t\t<\/div>\n\t\t\t\t\t<\/div>\r\n\t\t\t\t<\/div>\r\n\t\t\t\t\t<\/div>\r\n\t\t\t\t<\/section>\r\n\t\t\t\t<section class=\"porto-full-no-gap elementor-section elementor-top-section elementor-element elementor-element-b924a67 elementor-section-full_width elementor-section-stretched elementor-hidden-desktop elementor-hidden-tablet elementor-section-height-default elementor-section-height-default\" data-id=\"b924a67\" data-element_type=\"section\" data-e-type=\"section\" data-settings=\"{&quot;stretch_section&quot;:&quot;section-stretched&quot;}\">\r\n\t\t\r\n\t\t\t\t\t\t\t<div class=\"elementor-container elementor-column-gap-no\">\r\n\t\t\t\t\t\t\t\t\t\t\t<div class=\"elementor-column elementor-col-100 elementor-top-column elementor-element elementor-element-293309e\" data-id=\"293309e\" data-element_type=\"column\" data-e-type=\"column\">\r\n\t\t\t\t\t<div class=\"elementor-widget-wrap elementor-element-populated\">\r\n\t\t\t\t\t\t\t\t<div class=\"elementor-element elementor-element-f55cb47 elementor-widget elementor-widget-slider_revolution\" data-id=\"f55cb47\" data-element_type=\"widget\" data-e-type=\"widget\" data-widget_type=\"slider_revolution.default\">\n\t\t\t\t<div class=\"elementor-widget-container\">\n\t\t\t\t\t\n\t\t<div class=\"wp-block-themepunch-revslider\">\n\t\t\t<!-- START Slider Gran Vino Cuvee Mobile EN REVOLUTION SLIDER 6.7.41 --><p class=\"rs-p-wp-fix\"><\/p>\n\t\t\t<rs-module-wrap id=\"rev_slider_23_2_wrapper\" data-source=\"gallery\" style=\"visibility:hidden;background:transparent;padding:0;margin:0px auto;margin-top:0;margin-bottom:0;\">\n\t\t\t\t<rs-module id=\"rev_slider_23_2\" style=\"\" data-version=\"6.7.41\">\n\t\t\t\t\t<rs-slides style=\"overflow: hidden; position: absolute;\">\n\t\t\t\t\t\t<rs-slide style=\"position: absolute;\" data-key=\"rs-120\" data-title=\"Banner Cuv\u00e9e 1\" data-anim=\"adpr:false;\" data-in=\"o:0;\" data-out=\"a:false;\">\n\t\t\t\t\t\t\t<img decoding=\"async\" src=\"\/\/demartino.cl\/wp-content\/plugins\/revslider\/sr6\/assets\/assets\/dummy.png\" alt=\"Banner Cuv\u00e9e 1\" title=\"Cuve is De Martinos finest wine\" class=\"rev-slidebg tp-rs-img rs-lazyload\" data-lazyload=\"\/\/demartino.cl\/wp-content\/plugins\/revslider\/sr6\/assets\/assets\/transparent.png\" data-bg=\"c:#fffef8;\" data-no-retina>\n<!--\n\t\t\t\t\t\t\t--><rs-layer\n\t\t\t\t\t\t\t\tid=\"slider-23-slide-120-layer-0\" \n\t\t\t\t\t\t\t\tdata-type=\"image\"\n\t\t\t\t\t\t\t\tdata-rsp_ch=\"on\"\n\t\t\t\t\t\t\t\tdata-xy=\"xo:50px,50px,50px,0;yo:50px,50px,50px,0;\"\n\t\t\t\t\t\t\t\tdata-text=\"w:normal;s:20,20,20,7;l:0,0,0,9;\"\n\t\t\t\t\t\t\t\tdata-dim=\"w:[&#039;100%&#039;,&#039;100%&#039;,&#039;100%&#039;,&#039;100%&#039;];h:180px,180px,180px,auto;\"\n\t\t\t\t\t\t\t\tdata-vbility=\"f,f,f,t\"\n\t\t\t\t\t\t\t\tdata-frame_0=\"x:-50,-50,-50,-19;\"\n\t\t\t\t\t\t\t\tdata-frame_1=\"sp:1000;\"\n\t\t\t\t\t\t\t\tdata-frame_999=\"x:50,50,50,19;o:0;st:w;sp:1000;\"\n\t\t\t\t\t\t\t\tstyle=\"z-index:5;\"\n\t\t\t\t\t\t\t><img decoding=\"async\" src=\"\/\/demartino.cl\/wp-content\/plugins\/revslider\/sr6\/assets\/assets\/dummy.png\" alt=\"\" class=\"tp-rs-img rs-lazyload\" width=\"400\" height=\"672\" data-lazyload=\"\/\/demartino.cl\/wp-content\/uploads\/2023\/01\/De-Martino-Cuvee-Gran-Vino-Vinedo-Santa-Ines-sobre-piedras-mobile-1-400x672.jpg\" data-c=\"fullwidth\" data-no-retina> \n\t\t\t\t\t\t\t<\/rs-layer><!--\n\n\t\t\t\t\t\t\t--><rs-layer\n\t\t\t\t\t\t\t\tid=\"slider-23-slide-120-layer-2\" \n\t\t\t\t\t\t\t\tdata-type=\"text\"\n\t\t\t\t\t\t\t\tdata-color=\"#fff\"\n\t\t\t\t\t\t\t\tdata-rsp_ch=\"on\"\n\t\t\t\t\t\t\t\tdata-xy=\"x:l,l,l,r;xo:5px,5px,5px,20px;yo:250px,250px,250px,20px;\"\n\t\t\t\t\t\t\t\tdata-text=\"w:normal;s:60,60,60,40;l:60,60,60,40;ls:10px,10px,10px,3px;fw:200;a:left,left,left,right;\"\n\t\t\t\t\t\t\t\tdata-dim=\"w:511px,511px,511px,196px;minh:0px,0px,0px,none;\"\n\t\t\t\t\t\t\t\tdata-frame_0=\"x:-50,-50,-50,-19;\"\n\t\t\t\t\t\t\t\tdata-frame_1=\"st:440;sp:1660;sR:440;\"\n\t\t\t\t\t\t\t\tdata-frame_999=\"x:-50,-50,-50,-19;o:0;st:w;sp:1000;sR:2900;\"\n\t\t\t\t\t\t\t\tstyle=\"z-index:9;font-family:'awconqueror-didot';\"\n\t\t\t\t\t\t\t>CUV\u00c9E<br \/>\n2020<br \/>\nFinest Wine \n\t\t\t\t\t\t\t<\/rs-layer><!--\n-->\t\t\t\t\t<\/rs-slide>\n\t\t\t\t\t\t<rs-slide style=\"position: absolute;\" data-key=\"rs-121\" data-title=\"Banner Cuv\u00e9e 2\" data-anim=\"adpr:false;\" data-in=\"o:0;\" data-out=\"a:false;\">\n\t\t\t\t\t\t\t<img decoding=\"async\" src=\"\/\/demartino.cl\/wp-content\/plugins\/revslider\/sr6\/assets\/assets\/dummy.png\" alt=\"Banner Cuv\u00e9e 2\" title=\"Cuve is De Martinos finest wine\" class=\"rev-slidebg tp-rs-img rs-lazyload\" data-lazyload=\"\/\/demartino.cl\/wp-content\/plugins\/revslider\/sr6\/assets\/assets\/transparent.png\" data-bg=\"c:#fffef8;\" data-no-retina>\n<!--\n\t\t\t\t\t\t\t--><rs-layer\n\t\t\t\t\t\t\t\tid=\"slider-23-slide-121-layer-0\" \n\t\t\t\t\t\t\t\tdata-type=\"image\"\n\t\t\t\t\t\t\t\tdata-rsp_ch=\"on\"\n\t\t\t\t\t\t\t\tdata-xy=\"xo:50px,50px,50px,0;yo:50px,50px,50px,0;\"\n\t\t\t\t\t\t\t\tdata-text=\"w:normal;s:20,20,20,7;l:0,0,0,9;\"\n\t\t\t\t\t\t\t\tdata-dim=\"w:[&#039;100%&#039;,&#039;100%&#039;,&#039;100%&#039;,&#039;100%&#039;];h:180px,180px,180px,auto;\"\n\t\t\t\t\t\t\t\tdata-vbility=\"f,f,f,t\"\n\t\t\t\t\t\t\t\tdata-frame_0=\"x:-50,-50,-50,-19;\"\n\t\t\t\t\t\t\t\tdata-frame_1=\"sp:1000;\"\n\t\t\t\t\t\t\t\tdata-frame_999=\"x:50,50,50,19;o:0;st:w;sp:1000;sR:4000;\"\n\t\t\t\t\t\t\t\tstyle=\"z-index:8;\"\n\t\t\t\t\t\t\t><img loading=\"lazy\" decoding=\"async\" src=\"\/\/demartino.cl\/wp-content\/plugins\/revslider\/sr6\/assets\/assets\/dummy.png\" alt=\"\" class=\"tp-rs-img rs-lazyload\" width=\"400\" height=\"563\" data-lazyload=\"\/\/demartino.cl\/wp-content\/uploads\/2023\/01\/De-Martino-Cuvee-Gran-Vino-Vinedo-Santa-Ines-Caja-cera-descorchador-mobile-400x563.jpg\" data-c=\"fullwidth\" data-no-retina> \n\t\t\t\t\t\t\t<\/rs-layer><!--\n\n\t\t\t\t\t\t\t--><rs-layer\n\t\t\t\t\t\t\t\tid=\"slider-23-slide-121-layer-1\" \n\t\t\t\t\t\t\t\tdata-type=\"text\"\n\t\t\t\t\t\t\t\tdata-color=\"#fff\"\n\t\t\t\t\t\t\t\tdata-rsp_ch=\"on\"\n\t\t\t\t\t\t\t\tdata-xy=\"x:l,l,l,r;xo:5px,5px,5px,20px;yo:250px,250px,250px,19px;\"\n\t\t\t\t\t\t\t\tdata-text=\"w:normal;s:60,60,60,40;l:60,60,60,40;ls:10px,10px,10px,3px;fw:200;a:left,left,left,right;\"\n\t\t\t\t\t\t\t\tdata-dim=\"w:511px,511px,511px,196px;minh:0px,0px,0px,none;\"\n\t\t\t\t\t\t\t\tdata-frame_0=\"x:-50,-50,-50,-19;\"\n\t\t\t\t\t\t\t\tdata-frame_1=\"st:440;sp:1660;sR:440;\"\n\t\t\t\t\t\t\t\tdata-frame_999=\"x:-50,-50,-50,-19;o:0;st:w;sp:1000;sR:2900;\"\n\t\t\t\t\t\t\t\tstyle=\"z-index:9;font-family:'awconqueror-didot';\"\n\t\t\t\t\t\t\t>CUV\u00c9E<br \/>\n2020<br \/>\nFinest Wine \n\t\t\t\t\t\t\t<\/rs-layer><!--\n-->\t\t\t\t\t<\/rs-slide>\n\t\t\t\t\t<\/rs-slides>\n\t\t\t\t<\/rs-module>\n\t\t\t\t<script>\n\t\t\t\t\tsetREVStartSize({c: 'rev_slider_23_2',rl:[1240,1240,1240,480],el:[900,900,900,675],gw:[1240,1240,1240,480],gh:[900,900,900,675],type:'standard',justify:'',layout:'fullwidth',mh:\"0\"});if (window.RS_MODULES!==undefined && window.RS_MODULES.modules!==undefined && window.RS_MODULES.modules[\"revslider232\"]!==undefined) {window.RS_MODULES.modules[\"revslider232\"].once = false;window.revapi23 = undefined;if (window.RS_MODULES.checkMinimal!==undefined) window.RS_MODULES.checkMinimal()}\n\t\t\t\t<\/script>\n\t\t\t<\/rs-module-wrap>\n\t\t\t<!-- END REVOLUTION SLIDER -->\n<\/div>\n\n\t\t\t\t\t\t<\/div>\n\t\t\t\t<\/div>\n\t\t\t\t\t<\/div>\r\n\t\t\t\t<\/div>\r\n\t\t\t\t\t<\/div>\r\n\t\t\t\t<\/section>\r\n\t\t\t\t<section class=\"elementor-section elementor-top-section elementor-element elementor-element-9ab9360 elementor-section-full_width elementor-section-stretched animated-slow elementor-section-height-default elementor-section-height-default elementor-invisible\" data-id=\"9ab9360\" data-element_type=\"section\" data-e-type=\"section\" data-settings=\"{&quot;stretch_section&quot;:&quot;section-stretched&quot;,&quot;background_background&quot;:&quot;classic&quot;,&quot;animation&quot;:&quot;fadeIn&quot;}\">\r\n\t\t\r\n\t\t\t\t\t\t\t<div class=\"elementor-container elementor-column-gap-default\">\r\n\t\t\t\t\t\t\t\t\t\t\t<div class=\"elementor-column elementor-col-50 elementor-top-column elementor-element elementor-element-325d289\" data-id=\"325d289\" data-element_type=\"column\" data-e-type=\"column\">\r\n\t\t\t\t\t<div class=\"elementor-widget-wrap elementor-element-populated\">\r\n\t\t\t\t\t\t\t\t<div class=\"elementor-element elementor-element-746db28 elementor-widget elementor-widget-heading\" data-id=\"746db28\" data-element_type=\"widget\" data-e-type=\"widget\" data-widget_type=\"heading.default\">\n\t\t\t\t<div class=\"elementor-widget-container\">\n\t\t\t\t\t<h1 class=\"elementor-heading-title elementor-size-default\">De Martino - Cuv\u00e9e 2020<\/h1>\t\t\t\t<\/div>\n\t\t\t\t<\/div>\n\t\t\t\t<div class=\"elementor-element elementor-element-2fd78f5 elementor-widget elementor-widget-text-editor\" data-id=\"2fd78f5\" data-element_type=\"widget\" data-e-type=\"widget\" data-widget_type=\"text-editor.default\">\n\t\t\t\t<div class=\"elementor-widget-container\">\n\t\t\t\t\t\t\t\t\tCuv\u00e9e is De Martino\u2019s finest wine, which comes from its emblematic Santa In\u00e9s Vineyard in Isla de Maipo. Produced in small quantities and only in optimal vintages, the wine achieves the maximum expression of De Martino\u2019s house style.\t\t\t\t\t\t\t\t<\/div>\n\t\t\t\t<\/div>\n\t\t\t\t<div class=\"elementor-element elementor-element-de46322 elementor-hidden-desktop elementor-hidden-tablet elementor-widget elementor-widget-image\" data-id=\"de46322\" data-element_type=\"widget\" data-e-type=\"widget\" data-widget_type=\"image.default\">\n\t\t\t\t<div class=\"elementor-widget-container\">\n\t\t\t\t\t\t\t\t\t\t\t\t\t\t\t<img loading=\"lazy\" decoding=\"async\" width=\"700\" height=\"398\" src=\"https:\/\/demartino.cl\/wp-content\/uploads\/2023\/01\/De-Martino-Cuvee-Gran-Vino-Vinedo-Santa-Ines-cera-banner-3.jpg\" class=\"attachment-large size-large wp-image-10044\" alt=\"\" srcset=\"https:\/\/demartino.cl\/wp-content\/uploads\/2023\/01\/De-Martino-Cuvee-Gran-Vino-Vinedo-Santa-Ines-cera-banner-3.jpg 700w, https:\/\/demartino.cl\/wp-content\/uploads\/2023\/01\/De-Martino-Cuvee-Gran-Vino-Vinedo-Santa-Ines-cera-banner-3-640x364.jpg 640w, https:\/\/demartino.cl\/wp-content\/uploads\/2023\/01\/De-Martino-Cuvee-Gran-Vino-Vinedo-Santa-Ines-cera-banner-3-400x227.jpg 400w, https:\/\/demartino.cl\/wp-content\/uploads\/2023\/01\/De-Martino-Cuvee-Gran-Vino-Vinedo-Santa-Ines-cera-banner-3-367x209.jpg 367w, https:\/\/demartino.cl\/wp-content\/uploads\/2023\/01\/De-Martino-Cuvee-Gran-Vino-Vinedo-Santa-Ines-cera-banner-3-600x341.jpg 600w\" sizes=\"(max-width: 700px) 100vw, 700px\" \/>\t\t\t\t\t\t\t\t\t\t\t\t\t\t\t<\/div>\n\t\t\t\t<\/div>\n\t\t\t\t\t<\/div>\r\n\t\t\t\t<\/div>\r\n\t\t\t\t<div class=\"elementor-column elementor-col-50 elementor-top-column elementor-element elementor-element-6f89152 elementor-hidden-mobile\" data-id=\"6f89152\" data-element_type=\"column\" data-e-type=\"column\" data-settings=\"{&quot;background_background&quot;:&quot;slideshow&quot;,&quot;background_slideshow_gallery&quot;:[{&quot;id&quot;:6911,&quot;url&quot;:&quot;https:\\\/\\\/demartino.cl\\\/wp-content\\\/uploads\\\/2023\\\/01\\\/De-Martino-Cuvee-Gran-Vino-Vinedo-Santa-Ines-cera-banner-4.jpg&quot;}],&quot;background_slideshow_slide_duration&quot;:5000,&quot;background_slideshow_slide_transition&quot;:&quot;fade&quot;,&quot;background_slideshow_transition_duration&quot;:500}\">\r\n\t\t\t\t\t<div class=\"elementor-widget-wrap\">\r\n\t\t\t\t\t\t\t\t\t<\/div>\r\n\t\t\t\t<\/div>\r\n\t\t\t\t\t<\/div>\r\n\t\t\t\t<\/section>\r\n\t\t\t\t<section class=\"elementor-section elementor-top-section elementor-element elementor-element-b74caaa elementor-section-full_width elementor-section-stretched animated-slow elementor-section-height-default elementor-section-height-default elementor-invisible\" data-id=\"b74caaa\" data-element_type=\"section\" data-e-type=\"section\" data-settings=\"{&quot;stretch_section&quot;:&quot;section-stretched&quot;,&quot;background_background&quot;:&quot;classic&quot;,&quot;animation&quot;:&quot;fadeIn&quot;}\">\r\n\t\t\r\n\t\t\t\t\t\t\t<div class=\"elementor-container elementor-column-gap-default\">\r\n\t\t\t\t\t\t\t\t\t\t\t<div class=\"elementor-column elementor-col-50 elementor-top-column elementor-element elementor-element-6cafe24 elementor-hidden-mobile\" data-id=\"6cafe24\" data-element_type=\"column\" data-e-type=\"column\" data-settings=\"{&quot;background_background&quot;:&quot;slideshow&quot;,&quot;background_slideshow_gallery&quot;:[{&quot;id&quot;:6970,&quot;url&quot;:&quot;https:\\\/\\\/demartino.cl\\\/wp-content\\\/uploads\\\/2023\\\/01\\\/De-Martino.Vinedo-Santa-Ines-Isla-de-Maipo-recuadro-1.jpg&quot;}],&quot;background_slideshow_slide_duration&quot;:5000,&quot;background_slideshow_slide_transition&quot;:&quot;fade&quot;,&quot;background_slideshow_transition_duration&quot;:500}\">\r\n\t\t\t\t\t<div class=\"elementor-widget-wrap\">\r\n\t\t\t\t\t\t\t\t\t<\/div>\r\n\t\t\t\t<\/div>\r\n\t\t\t\t<div class=\"elementor-column elementor-col-50 elementor-top-column elementor-element elementor-element-e49b3ce\" data-id=\"e49b3ce\" data-element_type=\"column\" data-e-type=\"column\">\r\n\t\t\t\t\t<div class=\"elementor-widget-wrap elementor-element-populated\">\r\n\t\t\t\t\t\t\t\t<div class=\"elementor-element elementor-element-2115f4e elementor-widget elementor-widget-heading\" data-id=\"2115f4e\" data-element_type=\"widget\" data-e-type=\"widget\" data-widget_type=\"heading.default\">\n\t\t\t\t<div class=\"elementor-widget-container\">\n\t\t\t\t\t<h2 class=\"elementor-heading-title elementor-size-default\">O R I G I N<\/h2>\t\t\t\t<\/div>\n\t\t\t\t<\/div>\n\t\t\t\t<div class=\"elementor-element elementor-element-6a12d35 elementor-widget elementor-widget-text-editor\" data-id=\"6a12d35\" data-element_type=\"widget\" data-e-type=\"widget\" data-widget_type=\"text-editor.default\">\n\t\t\t\t<div class=\"elementor-widget-container\">\n\t\t\t\t\t\t\t\t\tCuv\u00e9e comes from the Santa In\u00e9s Vineyard, which has been owned by the De Martino family since 1934. This vineyard is also the source of the wines La Blanca Semillon, Alto de Piedras Carmen\u00e8re and La Cancha Cabernet Sauvignon. The climate is temperate Mediterranean as a result of the maritime influence, which manifests as cloudy mornings and constant breezes, especially during the summer months. The soils correspond to alluvial deposits with a high gravel content and calcium carbonate.\t\t\t\t\t\t\t\t<\/div>\n\t\t\t\t<\/div>\n\t\t\t\t<div class=\"elementor-element elementor-element-63fa763 elementor-hidden-desktop elementor-hidden-tablet elementor-widget elementor-widget-image\" data-id=\"63fa763\" data-element_type=\"widget\" data-e-type=\"widget\" data-widget_type=\"image.default\">\n\t\t\t\t<div class=\"elementor-widget-container\">\n\t\t\t\t\t\t\t\t\t\t\t\t\t\t\t<img loading=\"lazy\" decoding=\"async\" width=\"1140\" height=\"445\" src=\"https:\/\/demartino.cl\/wp-content\/uploads\/2023\/01\/De-Martino.Vinedo-Santa-Ines-Isla-de-Maipo-recuadro-1-1140x445.jpg\" class=\"attachment-blog-large size-blog-large wp-image-10046\" alt=\"\" \/>\t\t\t\t\t\t\t\t\t\t\t\t\t\t\t<\/div>\n\t\t\t\t<\/div>\n\t\t\t\t\t<\/div>\r\n\t\t\t\t<\/div>\r\n\t\t\t\t\t<\/div>\r\n\t\t\t\t<\/section>\r\n\t\t\t\t<section class=\"elementor-section elementor-top-section elementor-element elementor-element-1d7d2ab elementor-section-full_width elementor-section-stretched animated-slow elementor-section-height-default elementor-section-height-default elementor-invisible\" data-id=\"1d7d2ab\" data-element_type=\"section\" data-e-type=\"section\" data-settings=\"{&quot;stretch_section&quot;:&quot;section-stretched&quot;,&quot;background_background&quot;:&quot;classic&quot;,&quot;animation&quot;:&quot;fadeIn&quot;}\">\r\n\t\t\r\n\t\t\t\t\t\t\t<div class=\"elementor-container elementor-column-gap-default\">\r\n\t\t\t\t\t\t\t\t\t\t\t<div class=\"elementor-column elementor-col-100 elementor-top-column elementor-element elementor-element-fc6fcb4\" data-id=\"fc6fcb4\" data-element_type=\"column\" data-e-type=\"column\">\r\n\t\t\t\t\t<div class=\"elementor-widget-wrap elementor-element-populated\">\r\n\t\t\t\t\t\t\t\t<div class=\"elementor-element elementor-element-4455bd4 elementor-widget elementor-widget-heading\" data-id=\"4455bd4\" data-element_type=\"widget\" data-e-type=\"widget\" data-widget_type=\"heading.default\">\n\t\t\t\t<div class=\"elementor-widget-container\">\n\t\t\t\t\t<h2 class=\"elementor-heading-title elementor-size-default\">V I N E YA R D<\/h2>\t\t\t\t<\/div>\n\t\t\t\t<\/div>\n\t\t\t\t<div class=\"elementor-element elementor-element-1bbfb74 elementor-widget elementor-widget-text-editor\" data-id=\"1bbfb74\" data-element_type=\"widget\" data-e-type=\"widget\" data-widget_type=\"text-editor.default\">\n\t\t\t\t<div class=\"elementor-widget-container\">\n\t\t\t\t\t\t\t\t\tThe 1.6 hectare vineyard comprises three blocks: one of 0.85 hectares, which was planted in 1997 and two, measuring 0.42 and 0.33 hectares, which date back to 1999. The vineyard is oriented east-west and the per-hectare planting density is 4,166. The vines correspond to massal selections from very old material and they are ungrafted and trained in double guyot.\t\t\t\t\t\t\t\t<\/div>\n\t\t\t\t<\/div>\n\t\t\t\t\t<\/div>\r\n\t\t\t\t<\/div>\r\n\t\t\t\t\t<\/div>\r\n\t\t\t\t<\/section>\r\n\t\t\t\t<section class=\"porto-full-no-gap elementor-section elementor-top-section elementor-element elementor-element-5fd0217 elementor-section-full_width elementor-section-stretched animated-slow elementor-section-height-default elementor-section-height-default elementor-invisible\" data-id=\"5fd0217\" data-element_type=\"section\" data-e-type=\"section\" data-settings=\"{&quot;stretch_section&quot;:&quot;section-stretched&quot;,&quot;animation&quot;:&quot;fadeIn&quot;}\">\r\n\t\t\r\n\t\t\t\t\t\t\t<div class=\"elementor-container elementor-column-gap-no\">\r\n\t\t\t\t\t\t\t\t\t\t\t<div class=\"elementor-column elementor-col-100 elementor-top-column elementor-element elementor-element-15cfbf9\" data-id=\"15cfbf9\" data-element_type=\"column\" data-e-type=\"column\">\r\n\t\t\t\t\t<div class=\"elementor-widget-wrap elementor-element-populated\">\r\n\t\t\t\t\t\t\t\t<div class=\"elementor-element elementor-element-3b74fa9 elementor-widget elementor-widget-image\" data-id=\"3b74fa9\" data-element_type=\"widget\" data-e-type=\"widget\" data-widget_type=\"image.default\">\n\t\t\t\t<div class=\"elementor-widget-container\">\n\t\t\t\t\t\t\t\t\t\t\t\t\t\t\t<img loading=\"lazy\" decoding=\"async\" width=\"1900\" height=\"1223\" src=\"https:\/\/demartino.cl\/wp-content\/uploads\/2023\/01\/De-Martino-Mapa-Vinedo-Santa-Ines-Isla-de-Maipo-2.jpg\" class=\"attachment-full size-full wp-image-10047\" alt=\"\" srcset=\"https:\/\/demartino.cl\/wp-content\/uploads\/2023\/01\/De-Martino-Mapa-Vinedo-Santa-Ines-Isla-de-Maipo-2.jpg 1900w, https:\/\/demartino.cl\/wp-content\/uploads\/2023\/01\/De-Martino-Mapa-Vinedo-Santa-Ines-Isla-de-Maipo-2-1024x659.jpg 1024w, https:\/\/demartino.cl\/wp-content\/uploads\/2023\/01\/De-Martino-Mapa-Vinedo-Santa-Ines-Isla-de-Maipo-2-768x494.jpg 768w, https:\/\/demartino.cl\/wp-content\/uploads\/2023\/01\/De-Martino-Mapa-Vinedo-Santa-Ines-Isla-de-Maipo-2-1536x989.jpg 1536w, https:\/\/demartino.cl\/wp-content\/uploads\/2023\/01\/De-Martino-Mapa-Vinedo-Santa-Ines-Isla-de-Maipo-2-640x412.jpg 640w, https:\/\/demartino.cl\/wp-content\/uploads\/2023\/01\/De-Martino-Mapa-Vinedo-Santa-Ines-Isla-de-Maipo-2-400x257.jpg 400w, https:\/\/demartino.cl\/wp-content\/uploads\/2023\/01\/De-Martino-Mapa-Vinedo-Santa-Ines-Isla-de-Maipo-2-367x236.jpg 367w, https:\/\/demartino.cl\/wp-content\/uploads\/2023\/01\/De-Martino-Mapa-Vinedo-Santa-Ines-Isla-de-Maipo-2-600x386.jpg 600w\" sizes=\"(max-width: 1900px) 100vw, 1900px\" \/>\t\t\t\t\t\t\t\t\t\t\t\t\t\t\t<\/div>\n\t\t\t\t<\/div>\n\t\t\t\t\t<\/div>\r\n\t\t\t\t<\/div>\r\n\t\t\t\t\t<\/div>\r\n\t\t\t\t<\/section>\r\n\t\t\t\t<section class=\"elementor-section elementor-top-section elementor-element elementor-element-9238906 elementor-section-full_width elementor-section-stretched animated-slow elementor-section-height-default elementor-section-height-default elementor-invisible\" data-id=\"9238906\" data-element_type=\"section\" data-e-type=\"section\" data-settings=\"{&quot;stretch_section&quot;:&quot;section-stretched&quot;,&quot;background_background&quot;:&quot;classic&quot;,&quot;animation&quot;:&quot;fadeIn&quot;}\">\r\n\t\t\r\n\t\t\t\t\t\t\t<div class=\"elementor-container elementor-column-gap-default\">\r\n\t\t\t\t\t\t\t\t\t\t\t<div class=\"elementor-column elementor-col-100 elementor-top-column elementor-element elementor-element-ceb8fb9\" data-id=\"ceb8fb9\" data-element_type=\"column\" data-e-type=\"column\">\r\n\t\t\t\t\t<div class=\"elementor-widget-wrap elementor-element-populated\">\r\n\t\t\t\t\t\t\t\t<div class=\"elementor-element elementor-element-ae25b7e elementor-widget elementor-widget-heading\" data-id=\"ae25b7e\" data-element_type=\"widget\" data-e-type=\"widget\" data-widget_type=\"heading.default\">\n\t\t\t\t<div class=\"elementor-widget-container\">\n\t\t\t\t\t<h2 class=\"elementor-heading-title elementor-size-default\">W I N E M A K I N G<\/h2>\t\t\t\t<\/div>\n\t\t\t\t<\/div>\n\t\t\t\t<div class=\"elementor-element elementor-element-7a2be03 elementor-widget elementor-widget-text-editor\" data-id=\"7a2be03\" data-element_type=\"widget\" data-e-type=\"widget\" data-widget_type=\"text-editor.default\">\n\t\t\t\t<div class=\"elementor-widget-container\">\n\t\t\t\t\t\t\t\t\tThe grapes were hand-harvested into 10 kg bins on March the 2nd and then rigorously selected and carefully destemmed in the winery. The grapes were then cold macerated for 8 days prior to undergoing alcoholic fermentation. In the quest for a defined identity, the fermentations occur spontaneously at temperatures of between 22\u00baC and 24\u00baC. A post-fermentative maceration follows and the total maceration time is 86 days. The wine is then racked into neutral French oak barrels for 4 months and then racked again into 2,500 lt foudres to age for another 14 months. The resulting wine is neither fined nor filtered prior to bottling with the goal of maximizing its expression.\n\t\t\t\t\t\t\t\t<\/div>\n\t\t\t\t<\/div>\n\t\t\t\t\t<\/div>\r\n\t\t\t\t<\/div>\r\n\t\t\t\t\t<\/div>\r\n\t\t\t\t<\/section>\r\n\t\t\t\t<section class=\"elementor-section elementor-top-section elementor-element elementor-element-e3647e9 elementor-section-full_width elementor-section-stretched animated-slow elementor-section-height-default elementor-section-height-default elementor-invisible\" data-id=\"e3647e9\" data-element_type=\"section\" data-e-type=\"section\" data-settings=\"{&quot;stretch_section&quot;:&quot;section-stretched&quot;,&quot;background_background&quot;:&quot;classic&quot;,&quot;animation&quot;:&quot;fadeIn&quot;}\">\r\n\t\t\r\n\t\t\t\t\t\t\t<div class=\"elementor-container elementor-column-gap-default\">\r\n\t\t\t\t\t\t\t\t\t\t\t<div class=\"elementor-column elementor-col-100 elementor-top-column elementor-element elementor-element-4247156\" data-id=\"4247156\" data-element_type=\"column\" data-e-type=\"column\">\r\n\t\t\t\t\t<div class=\"elementor-widget-wrap elementor-element-populated\">\r\n\t\t\t\t\t\t\t\t<div class=\"elementor-element elementor-element-6cb7e19 elementor-widget elementor-widget-heading\" data-id=\"6cb7e19\" data-element_type=\"widget\" data-e-type=\"widget\" data-widget_type=\"heading.default\">\n\t\t\t\t<div class=\"elementor-widget-container\">\n\t\t\t\t\t<h3 class=\"elementor-heading-title elementor-size-default\">W I N E<\/h3>\t\t\t\t<\/div>\n\t\t\t\t<\/div>\n\t\t\t\t<div class=\"elementor-element elementor-element-40482ed elementor-widget elementor-widget-text-editor\" data-id=\"40482ed\" data-element_type=\"widget\" data-e-type=\"widget\" data-widget_type=\"text-editor.default\">\n\t\t\t\t<div class=\"elementor-widget-container\">\n\t\t\t\t\t\t\t\t\tCabernet Sauvignon 88% Malbec 9%\nPetit Verdot 3%<br>\n\nAlcohol: 13% vol pH: 3,47 Total acidity (Tart. Ac.): 6,05 g\/lt\t\t\t\t\t\t\t\t<\/div>\n\t\t\t\t<\/div>\n\t\t\t\t\t<\/div>\r\n\t\t\t\t<\/div>\r\n\t\t\t\t\t<\/div>\r\n\t\t\t\t<\/section>\r\n\t\t\t\t<section class=\"elementor-section elementor-top-section elementor-element elementor-element-0748694 elementor-section-full_width elementor-section-stretched animated-slow elementor-section-height-default elementor-section-height-default elementor-invisible\" data-id=\"0748694\" data-element_type=\"section\" data-e-type=\"section\" data-settings=\"{&quot;stretch_section&quot;:&quot;section-stretched&quot;,&quot;background_background&quot;:&quot;classic&quot;,&quot;animation&quot;:&quot;fadeIn&quot;}\">\r\n\t\t\r\n\t\t\t\t\t\t\t<div class=\"elementor-container elementor-column-gap-default\">\r\n\t\t\t\t\t\t\t\t\t\t\t<div class=\"elementor-column elementor-col-100 elementor-top-column elementor-element elementor-element-8d508f6\" data-id=\"8d508f6\" data-element_type=\"column\" data-e-type=\"column\">\r\n\t\t\t\t\t<div class=\"elementor-widget-wrap elementor-element-populated\">\r\n\t\t\t\t\t\t\t\t<div class=\"elementor-element elementor-element-a5db1b4 elementor-widget elementor-widget-text-editor\" data-id=\"a5db1b4\" data-element_type=\"widget\" data-e-type=\"widget\" data-widget_type=\"text-editor.default\">\n\t\t\t\t<div class=\"elementor-widget-container\">\n\t\t\t\t\t\t\t\t\t<a>Download the Technical Sheet <\/a><a href=\"https:\/\/demartino.cl\/wp-content\/uploads\/2023\/01\/De-Martino-Cuvee-2020-Tech-Sheet.pdf\" target=\"_blank\" rel=\"noopener\">Here<\/a>\t\t\t\t\t\t\t\t<\/div>\n\t\t\t\t<\/div>\n\t\t\t\t\t<\/div>\r\n\t\t\t\t<\/div>\r\n\t\t\t\t\t<\/div>\r\n\t\t\t\t<\/section>\r\n\t\t\t\t<section class=\"porto-full-no-gap elementor-section elementor-top-section elementor-element elementor-element-0df1beb elementor-section-full_width elementor-section-stretched animated-slow elementor-section-height-default elementor-section-height-default elementor-invisible\" data-id=\"0df1beb\" data-element_type=\"section\" data-e-type=\"section\" data-settings=\"{&quot;stretch_section&quot;:&quot;section-stretched&quot;,&quot;background_background&quot;:&quot;classic&quot;,&quot;animation&quot;:&quot;fadeIn&quot;}\">\r\n\t\t\r\n\t\t\t\t\t\t\t<div class=\"elementor-container elementor-column-gap-no\">\r\n\t\t\t\t\t\t\t\t\t\t\t<div class=\"elementor-column elementor-col-50 elementor-top-column elementor-element elementor-element-6f3f839\" data-id=\"6f3f839\" data-element_type=\"column\" data-e-type=\"column\">\r\n\t\t\t\t\t<div class=\"elementor-widget-wrap elementor-element-populated\">\r\n\t\t\t\t\t\t\t\t<div class=\"elementor-element elementor-element-79a5ab7 elementor-widget elementor-widget-heading\" data-id=\"79a5ab7\" data-element_type=\"widget\" data-e-type=\"widget\" data-widget_type=\"heading.default\">\n\t\t\t\t<div class=\"elementor-widget-container\">\n\t\t\t\t\t<h3 class=\"elementor-heading-title elementor-size-default\">2020 VINTAGE<\/h3>\t\t\t\t<\/div>\n\t\t\t\t<\/div>\n\t\t\t\t<div class=\"elementor-element elementor-element-4a565cb elementor-widget elementor-widget-text-editor\" data-id=\"4a565cb\" data-element_type=\"widget\" data-e-type=\"widget\" data-widget_type=\"text-editor.default\">\n\t\t\t\t<div class=\"elementor-widget-container\">\n\t\t\t\t\t\t\t\t\tWinter 2019 was dry, with just 56 mm of cumulative rainfall, among the lowest totals ever recorded in this area. Spring got underway with lower than usual minimum and maximum temperatures but there was no damaging frost during budburst or the following weeks. The conditions for flowering and fruit set were good, so the number of berries per cluster was in line with the average. It was important to irrigate in spring in order for the plants to develop well. Summer was warm with average highs of 30.9\u00b0C in January and 30.1\u00b0C in February. This brought forward ripening compared to previous years and the choice of harvest date was decisive to retaining acidity.\t\t\t\t\t\t\t\t<\/div>\n\t\t\t\t<\/div>\n\t\t\t\t<div class=\"elementor-element elementor-element-f7af3f5 elementor-widget elementor-widget-text-editor\" data-id=\"f7af3f5\" data-element_type=\"widget\" data-e-type=\"widget\" data-widget_type=\"text-editor.default\">\n\t\t\t\t<div class=\"elementor-widget-container\">\n\t\t\t\t\t\t\t\t\tNo. of bottles: 3,119<br>\nBottled on December 23rd 2021.\t\t\t\t\t\t\t\t<\/div>\n\t\t\t\t<\/div>\n\t\t\t\t<div class=\"elementor-element elementor-element-c9e3ede elementor-hidden-desktop elementor-hidden-tablet elementor-widget elementor-widget-image\" data-id=\"c9e3ede\" data-element_type=\"widget\" data-e-type=\"widget\" data-widget_type=\"image.default\">\n\t\t\t\t<div class=\"elementor-widget-container\">\n\t\t\t\t\t\t\t\t\t\t\t\t\t\t\t<img loading=\"lazy\" decoding=\"async\" width=\"700\" height=\"883\" src=\"https:\/\/demartino.cl\/wp-content\/uploads\/2023\/01\/De-Martino-Cuvee-Gran-Vino-Vinedo-Santa-Ines-reserva-2.jpg\" class=\"attachment-large size-large wp-image-10049\" alt=\"\" srcset=\"https:\/\/demartino.cl\/wp-content\/uploads\/2023\/01\/De-Martino-Cuvee-Gran-Vino-Vinedo-Santa-Ines-reserva-2.jpg 700w, https:\/\/demartino.cl\/wp-content\/uploads\/2023\/01\/De-Martino-Cuvee-Gran-Vino-Vinedo-Santa-Ines-reserva-2-640x807.jpg 640w, https:\/\/demartino.cl\/wp-content\/uploads\/2023\/01\/De-Martino-Cuvee-Gran-Vino-Vinedo-Santa-Ines-reserva-2-400x505.jpg 400w, https:\/\/demartino.cl\/wp-content\/uploads\/2023\/01\/De-Martino-Cuvee-Gran-Vino-Vinedo-Santa-Ines-reserva-2-367x463.jpg 367w, https:\/\/demartino.cl\/wp-content\/uploads\/2023\/01\/De-Martino-Cuvee-Gran-Vino-Vinedo-Santa-Ines-reserva-2-600x757.jpg 600w\" sizes=\"(max-width: 700px) 100vw, 700px\" \/>\t\t\t\t\t\t\t\t\t\t\t\t\t\t\t<\/div>\n\t\t\t\t<\/div>\n\t\t\t\t\t<\/div>\r\n\t\t\t\t<\/div>\r\n\t\t\t\t<div class=\"elementor-column elementor-col-50 elementor-top-column elementor-element elementor-element-3b75b22 elementor-hidden-mobile\" data-id=\"3b75b22\" data-element_type=\"column\" data-e-type=\"column\" data-settings=\"{&quot;background_background&quot;:&quot;slideshow&quot;,&quot;background_slideshow_gallery&quot;:[{&quot;id&quot;:7003,&quot;url&quot;:&quot;https:\\\/\\\/demartino.cl\\\/wp-content\\\/uploads\\\/2023\\\/01\\\/De-Martino-Cuvee-Gran-Vino-Vinedo-Santa-Ines-reserva.jpg&quot;}],&quot;background_slideshow_slide_duration&quot;:5000,&quot;background_slideshow_slide_transition&quot;:&quot;fade&quot;,&quot;background_slideshow_transition_duration&quot;:500}\">\r\n\t\t\t\t\t<div class=\"elementor-widget-wrap\">\r\n\t\t\t\t\t\t\t\t\t<\/div>\r\n\t\t\t\t<\/div>\r\n\t\t\t\t\t<\/div>\r\n\t\t\t\t<\/section>\r\n\t\t\t\t<\/div>\n\t\t","protected":false},"excerpt":{"rendered":"<p>De Martino &#8211; Cuv\u00e9e 2020 Cuv\u00e9e is De Martino\u2019s finest wine, which comes from its emblematic Santa In\u00e9s Vineyard in Isla de Maipo. Produced in small quantities and only in optimal vintages, the wine achieves the maximum expression of De Martino\u2019s house style. O R I G I N Cuv\u00e9e comes from the Santa In\u00e9s [&hellip;]<\/p>\n","protected":false},"author":4,"featured_media":0,"parent":0,"menu_order":0,"comment_status":"closed","ping_status":"closed","template":"","meta":{"_acf_changed":false,"footnotes":""},"class_list":["post-7424","page","type-page","status-publish","hentry"],"acf":[],"yoast_head":"<!-- This site is optimized with the Yoast SEO plugin v26.0 - https:\/\/yoast.com\/wordpress\/plugins\/seo\/ -->\n<title>Cuve is De Martinos finest wine - De Martino<\/title>\n<meta name=\"description\" content=\"Proviene del Vi\u00f1edo Santa In\u00e9s en Isla de Maipo, Valle del Maipo. De este mismo vi\u00f1edo tienen su origen los emblem\u00e1ticos vinos La Blanca Semill\u00f3n, Alto de Piedras Carmen\u00e8re y La Cancha Cabernet Sauvignon.\" \/>\n<meta name=\"robots\" content=\"noindex, nofollow\" \/>\n<meta property=\"og:locale\" content=\"en_US\" \/>\n<meta property=\"og:type\" content=\"article\" \/>\n<meta property=\"og:title\" content=\"Cuve is De Martinos finest wine - De Martino\" \/>\n<meta property=\"og:description\" content=\"Proviene del Vi\u00f1edo Santa In\u00e9s en Isla de Maipo, Valle del Maipo. De este mismo vi\u00f1edo tienen su origen los emblem\u00e1ticos vinos La Blanca Semill\u00f3n, Alto de Piedras Carmen\u00e8re y La Cancha Cabernet Sauvignon.\" \/>\n<meta property=\"og:url\" content=\"https:\/\/demartino.cl\/en\/cuve-is-de-martinos-finest-wine\/\" \/>\n<meta property=\"og:site_name\" content=\"De Martino\" \/>\n<meta property=\"article:modified_time\" content=\"2023-09-06T22:41:00+00:00\" \/>\n<meta property=\"og:image\" content=\"https:\/\/demartino.cl\/wp-content\/uploads\/2023\/01\/De-Martino-Cuvee-Gran-Vino-Vinedo-Santa-Ines-cera-banner-3.jpg\" \/>\n<meta name=\"twitter:card\" content=\"summary_large_image\" \/>\n<meta name=\"twitter:label1\" content=\"Est. reading time\" \/>\n\t<meta name=\"twitter:data1\" content=\"3 minutes\" \/>\n<script type=\"application\/ld+json\" class=\"yoast-schema-graph\">{\"@context\":\"https:\/\/schema.org\",\"@graph\":[{\"@type\":\"WebPage\",\"@id\":\"https:\/\/demartino.cl\/en\/cuve-is-de-martinos-finest-wine\/\",\"url\":\"https:\/\/demartino.cl\/en\/cuve-is-de-martinos-finest-wine\/\",\"name\":\"Cuve is De Martinos finest wine - De Martino\",\"isPartOf\":{\"@id\":\"https:\/\/demartino.cl\/en\/#website\"},\"primaryImageOfPage\":{\"@id\":\"https:\/\/demartino.cl\/en\/cuve-is-de-martinos-finest-wine\/#primaryimage\"},\"image\":{\"@id\":\"https:\/\/demartino.cl\/en\/cuve-is-de-martinos-finest-wine\/#primaryimage\"},\"thumbnailUrl\":\"https:\/\/demartino.cl\/wp-content\/uploads\/2023\/01\/De-Martino-Cuvee-Gran-Vino-Vinedo-Santa-Ines-cera-banner-3.jpg\",\"datePublished\":\"2023-01-05T01:09:26+00:00\",\"dateModified\":\"2023-09-06T22:41:00+00:00\",\"description\":\"Proviene del Vi\u00f1edo Santa In\u00e9s en Isla de Maipo, Valle del Maipo. De este mismo vi\u00f1edo tienen su origen los emblem\u00e1ticos vinos La Blanca Semill\u00f3n, Alto de Piedras Carmen\u00e8re y La Cancha Cabernet Sauvignon.\",\"breadcrumb\":{\"@id\":\"https:\/\/demartino.cl\/en\/cuve-is-de-martinos-finest-wine\/#breadcrumb\"},\"inLanguage\":\"en-US\",\"potentialAction\":[{\"@type\":\"ReadAction\",\"target\":[\"https:\/\/demartino.cl\/en\/cuve-is-de-martinos-finest-wine\/\"]}]},{\"@type\":\"ImageObject\",\"inLanguage\":\"en-US\",\"@id\":\"https:\/\/demartino.cl\/en\/cuve-is-de-martinos-finest-wine\/#primaryimage\",\"url\":\"https:\/\/demartino.cl\/wp-content\/uploads\/2023\/01\/De-Martino-Cuvee-Gran-Vino-Vinedo-Santa-Ines-cera-banner-3.jpg\",\"contentUrl\":\"https:\/\/demartino.cl\/wp-content\/uploads\/2023\/01\/De-Martino-Cuvee-Gran-Vino-Vinedo-Santa-Ines-cera-banner-3.jpg\"},{\"@type\":\"BreadcrumbList\",\"@id\":\"https:\/\/demartino.cl\/en\/cuve-is-de-martinos-finest-wine\/#breadcrumb\",\"itemListElement\":[{\"@type\":\"ListItem\",\"position\":1,\"name\":\"Portada\",\"item\":\"https:\/\/demartino.cl\/\"},{\"@type\":\"ListItem\",\"position\":2,\"name\":\"Cuve is De Martinos finest wine\"}]},{\"@type\":\"WebSite\",\"@id\":\"https:\/\/demartino.cl\/en\/#website\",\"url\":\"https:\/\/demartino.cl\/en\/\",\"name\":\"De Martino\",\"description\":\"Vinos\",\"potentialAction\":[{\"@type\":\"SearchAction\",\"target\":{\"@type\":\"EntryPoint\",\"urlTemplate\":\"https:\/\/demartino.cl\/en\/?s={search_term_string}\"},\"query-input\":{\"@type\":\"PropertyValueSpecification\",\"valueRequired\":true,\"valueName\":\"search_term_string\"}}],\"inLanguage\":\"en-US\"}]}<\/script>\n<!-- \/ Yoast SEO plugin. -->","yoast_head_json":{"title":"Cuve is De Martinos finest wine - De Martino","description":"Proviene del Vi\u00f1edo Santa In\u00e9s en Isla de Maipo, Valle del Maipo. De este mismo vi\u00f1edo tienen su origen los emblem\u00e1ticos vinos La Blanca Semill\u00f3n, Alto de Piedras Carmen\u00e8re y La Cancha Cabernet Sauvignon.","robots":{"index":"noindex","follow":"nofollow"},"og_locale":"en_US","og_type":"article","og_title":"Cuve is De Martinos finest wine - De Martino","og_description":"Proviene del Vi\u00f1edo Santa In\u00e9s en Isla de Maipo, Valle del Maipo. De este mismo vi\u00f1edo tienen su origen los emblem\u00e1ticos vinos La Blanca Semill\u00f3n, Alto de Piedras Carmen\u00e8re y La Cancha Cabernet Sauvignon.","og_url":"https:\/\/demartino.cl\/en\/cuve-is-de-martinos-finest-wine\/","og_site_name":"De Martino","article_modified_time":"2023-09-06T22:41:00+00:00","og_image":[{"url":"https:\/\/demartino.cl\/wp-content\/uploads\/2023\/01\/De-Martino-Cuvee-Gran-Vino-Vinedo-Santa-Ines-cera-banner-3.jpg","type":"","width":"","height":""}],"twitter_card":"summary_large_image","twitter_misc":{"Est. reading time":"3 minutes"},"schema":{"@context":"https:\/\/schema.org","@graph":[{"@type":"WebPage","@id":"https:\/\/demartino.cl\/en\/cuve-is-de-martinos-finest-wine\/","url":"https:\/\/demartino.cl\/en\/cuve-is-de-martinos-finest-wine\/","name":"Cuve is De Martinos finest wine - De Martino","isPartOf":{"@id":"https:\/\/demartino.cl\/en\/#website"},"primaryImageOfPage":{"@id":"https:\/\/demartino.cl\/en\/cuve-is-de-martinos-finest-wine\/#primaryimage"},"image":{"@id":"https:\/\/demartino.cl\/en\/cuve-is-de-martinos-finest-wine\/#primaryimage"},"thumbnailUrl":"https:\/\/demartino.cl\/wp-content\/uploads\/2023\/01\/De-Martino-Cuvee-Gran-Vino-Vinedo-Santa-Ines-cera-banner-3.jpg","datePublished":"2023-01-05T01:09:26+00:00","dateModified":"2023-09-06T22:41:00+00:00","description":"Proviene del Vi\u00f1edo Santa In\u00e9s en Isla de Maipo, Valle del Maipo. De este mismo vi\u00f1edo tienen su origen los emblem\u00e1ticos vinos La Blanca Semill\u00f3n, Alto de Piedras Carmen\u00e8re y La Cancha Cabernet Sauvignon.","breadcrumb":{"@id":"https:\/\/demartino.cl\/en\/cuve-is-de-martinos-finest-wine\/#breadcrumb"},"inLanguage":"en-US","potentialAction":[{"@type":"ReadAction","target":["https:\/\/demartino.cl\/en\/cuve-is-de-martinos-finest-wine\/"]}]},{"@type":"ImageObject","inLanguage":"en-US","@id":"https:\/\/demartino.cl\/en\/cuve-is-de-martinos-finest-wine\/#primaryimage","url":"https:\/\/demartino.cl\/wp-content\/uploads\/2023\/01\/De-Martino-Cuvee-Gran-Vino-Vinedo-Santa-Ines-cera-banner-3.jpg","contentUrl":"https:\/\/demartino.cl\/wp-content\/uploads\/2023\/01\/De-Martino-Cuvee-Gran-Vino-Vinedo-Santa-Ines-cera-banner-3.jpg"},{"@type":"BreadcrumbList","@id":"https:\/\/demartino.cl\/en\/cuve-is-de-martinos-finest-wine\/#breadcrumb","itemListElement":[{"@type":"ListItem","position":1,"name":"Portada","item":"https:\/\/demartino.cl\/"},{"@type":"ListItem","position":2,"name":"Cuve is De Martinos finest wine"}]},{"@type":"WebSite","@id":"https:\/\/demartino.cl\/en\/#website","url":"https:\/\/demartino.cl\/en\/","name":"De Martino","description":"Vinos","potentialAction":[{"@type":"SearchAction","target":{"@type":"EntryPoint","urlTemplate":"https:\/\/demartino.cl\/en\/?s={search_term_string}"},"query-input":{"@type":"PropertyValueSpecification","valueRequired":true,"valueName":"search_term_string"}}],"inLanguage":"en-US"}]}},"_links":{"self":[{"href":"https:\/\/demartino.cl\/en\/wp-json\/wp\/v2\/pages\/7424","targetHints":{"allow":["GET"]}}],"collection":[{"href":"https:\/\/demartino.cl\/en\/wp-json\/wp\/v2\/pages"}],"about":[{"href":"https:\/\/demartino.cl\/en\/wp-json\/wp\/v2\/types\/page"}],"author":[{"embeddable":true,"href":"https:\/\/demartino.cl\/en\/wp-json\/wp\/v2\/users\/4"}],"replies":[{"embeddable":true,"href":"https:\/\/demartino.cl\/en\/wp-json\/wp\/v2\/comments?post=7424"}],"version-history":[{"count":11,"href":"https:\/\/demartino.cl\/en\/wp-json\/wp\/v2\/pages\/7424\/revisions"}],"predecessor-version":[{"id":10246,"href":"https:\/\/demartino.cl\/en\/wp-json\/wp\/v2\/pages\/7424\/revisions\/10246"}],"wp:attachment":[{"href":"https:\/\/demartino.cl\/en\/wp-json\/wp\/v2\/media?parent=7424"}],"curies":[{"name":"wp","href":"https:\/\/api.w.org\/{rel}","templated":true}]}}